{"id":294,"date":"2018-09-26T12:10:08","date_gmt":"2018-09-26T12:10:08","guid":{"rendered":"http:\/\/www.casaldelespluga.cat\/?page_id=294"},"modified":"2025-09-13T06:20:41","modified_gmt":"2025-09-13T06:20:41","slug":"tonificacio","status":"publish","type":"page","link":"https:\/\/www.casaldelespluga.cat\/?page_id=294","title":{"rendered":"Tonificaci\u00f3"},"content":{"rendered":"<div data-colibri-id=\"294-c1\" class=\"style-1698 style-local-294-c1 position-relative\">\n  <!---->\n  <div data-colibri-component=\"section\" data-colibri-id=\"294-c2\" id=\"about\" class=\"h-section h-section-global-spacing d-flex align-items-lg-center align-items-md-center align-items-center style-1707 style-local-294-c2 position-relative\">\n    <div class=\"background-wrapper\">\n      <div class=\"background-layer background-layer-media-container-lg\">\n        <!---->\n        <div class=\"overlay-layer\">\n          <div class=\"overlay-image-layer\" style=\"background-color: rgb(255, 255, 255); opacity: 0.9;\"><\/div>\n        <\/div>\n      <\/div>\n      <div class=\"background-layer background-layer-media-container-md\">\n        <!---->\n        <div class=\"overlay-layer\">\n          <div class=\"overlay-image-layer\" style=\"background-color: rgb(255, 255, 255); opacity: 0.9;\"><\/div>\n        <\/div>\n      <\/div>\n      <div class=\"background-layer background-layer-media-container\">\n        <!---->\n        <div class=\"overlay-layer\">\n          <div class=\"overlay-image-layer\" style=\"background-color: rgb(255, 255, 255); opacity: 0.9;\"><\/div>\n        <\/div>\n      <\/div>\n    <\/div>\n    <!---->\n    <div class=\"h-section-grid-container h-section-boxed-container\">\n      <!---->\n      <div data-colibri-id=\"294-c3\" class=\"h-row-container gutters-row-lg-0 gutters-row-md-0 gutters-row-0 gutters-row-v-lg-0 gutters-row-v-md-0 gutters-row-v-0 style-1708 style-local-294-c3 position-relative\">\n        <!---->\n        <div class=\"h-row justify-content-lg-center justify-content-md-center justify-content-center align-items-lg-stretch align-items-md-stretch align-items-stretch gutters-col-lg-0 gutters-col-md-0 gutters-col-0 gutters-col-v-lg-0 gutters-col-v-md-0 gutters-col-v-0\">\n          <!---->\n          <div class=\"h-column h-column-container d-flex h-col-lg-auto h-col-md-auto h-col-auto style-1709-outer style-local-294-c4-outer\">\n            <div data-colibri-id=\"294-c4\" class=\"d-flex h-flex-basis h-column__inner h-px-lg-3 h-px-md-3 h-px-3 v-inner-lg-3 v-inner-md-3 v-inner-3 style-1709 style-local-294-c4 position-relative\">\n              <!---->\n              <!---->\n              <div class=\"w-100 h-y-container h-column__content h-column__v-align flex-basis-100 align-self-lg-center align-self-md-center align-self-center\">\n                <!---->\n                <div data-colibri-id=\"294-c5\" class=\"h-global-transition-all h-heading style-1710 style-local-294-c5 position-relative h-element\">\n                  <!---->\n                  <div class=\"h-heading__outer style-1710 style-local-294-c5\">\n                    <!---->\n                    <!---->\n                    <h4 class=\"\">Horaris de&nbsp;<em style=\"color: rgb(3, 169, 244); font-family: &quot;Playfair Display&quot;;\">tonificaci\u00f3<\/em> al Casal de l&#8217;Espluga<\/h4>\n                  <\/div>\n                <\/div>\n                <div data-colibri-id=\"294-c6\" class=\"h-text h-text-component style-1711 style-local-294-c6 position-relative h-element\">\n                  <!---->\n                  <!---->\n                  <div class=\"\">\n                    <p><span style=\"font-family: &quot;Alike Angular&quot;;\">Dilluns: de 19:00 h a 20.00 h<\/span><\/p>\n                    <p><span style=\"font-family: &quot;Alike Angular&quot;;\">Dimecres:&nbsp;<\/span><span style=\"font-family: &quot;Alike Angular&quot;; color: rgb(70, 112, 127); font-size: 16px; font-weight: 400;\">de 19:30 h a 20.30 h<\/span><\/p>\n                    <p><span style=\"color: rgb(73, 145, 170);\">Al gimn\u00e0s de l&#8217;antic institut.<\/span><\/p>\n                    <p>Instructores: <span style=\"color: rgb(75, 174, 208);\">\u00c8rika Soriano i Nat\u00e0lia Mart\u00ednez.<\/span><\/p>\n                    <p>\n                      <br>\n                    <\/p>\n                  <\/div>\n                <\/div>\n              <\/div>\n            <\/div>\n          <\/div>\n        <\/div>\n      <\/div>\n    <\/div>\n  <\/div>\n  <div data-colibri-component=\"section\" data-colibri-id=\"294-c7\" id=\"about-2\" class=\"h-section h-section-global-spacing d-flex align-items-lg-center align-items-md-center align-items-center style-1716 style-local-294-c7 position-relative\">\n    <!---->\n    <!---->\n    <div class=\"h-section-grid-container h-section-boxed-container\">\n      <!---->\n      <div data-colibri-id=\"294-c8\" class=\"h-row-container gutters-row-lg-2 gutters-row-md-2 gutters-row-2 gutters-row-v-lg-2 gutters-row-v-md-2 gutters-row-v-2 style-1717 style-local-294-c8 position-relative\">\n        <!---->\n        <div class=\"h-row justify-content-lg-center justify-content-md-center justify-content-center align-items-lg-center align-items-md-center align-items-center gutters-col-lg-2 gutters-col-md-2 gutters-col-2 gutters-col-v-lg-2 gutters-col-v-md-2 gutters-col-v-2\">\n          <!---->\n          <div class=\"h-column h-column-container d-flex h-col-lg-auto h-col-md-auto h-col-auto align-self-lg-center align-self-md-center align-self-center style-1718-outer style-local-294-c9-outer\">\n            <div data-colibri-id=\"294-c9\" class=\"d-flex h-flex-basis h-column__inner h-px-lg-0 h-px-md-0 h-px-0 v-inner-lg-0 v-inner-md-0 v-inner-0 style-1718 style-local-294-c9 position-relative\">\n              <!---->\n              <!---->\n              <div class=\"w-100 h-y-container h-column__content h-column__v-align flex-basis-100 align-self-lg-center align-self-md-center align-self-center\">\n                <!---->\n                <div data-colibri-id=\"294-c10\" class=\"h-row-container gutters-row-lg-0 gutters-row-md-0 gutters-row-0 gutters-row-v-lg-0 gutters-row-v-md-0 gutters-row-v-0 style-1719 style-local-294-c10 position-relative\">\n                  <!---->\n                  <div class=\"h-row justify-content-lg-start justify-content-md-start justify-content-center align-items-lg-stretch align-items-md-stretch align-items-stretch gutters-col-lg-0 gutters-col-md-0 gutters-col-0 gutters-col-v-lg-0 gutters-col-v-md-0 gutters-col-v-0\">\n                    <!---->\n                    <div class=\"h-column h-column-container d-flex h-col-lg-auto h-col-md-auto h-col-auto style-1720-outer style-local-294-c11-outer\">\n                      <div data-colibri-id=\"294-c11\" class=\"d-flex h-flex-basis h-column__inner h-px-lg-0 h-px-md-0 h-px-0 v-inner-lg-0 v-inner-md-0 v-inner-0 style-1720 style-local-294-c11 position-relative\">\n                        <!---->\n                        <!---->\n                        <div class=\"w-100 h-y-container h-column__content h-column__v-align flex-basis-auto align-self-lg-start align-self-md-start align-self-center\">\n                          <!---->\n                          <div data-colibri-id=\"294-c12\" class=\"h-global-transition-all h-heading style-1721 style-local-294-c12 position-relative h-element\">\n                            <!---->\n                            <div class=\"h-heading__outer style-1721 style-local-294-c12\">\n                              <!---->\n                              <!---->\n                              <h4 class=\"\">TONIFICACI\u00d3<\/h4>\n                            <\/div>\n                          <\/div>\n                        <\/div>\n                      <\/div>\n                    <\/div>\n                  <\/div>\n                <\/div>\n                <div data-colibri-id=\"294-c13\" class=\"h-global-transition-all h-heading style-1722 style-local-294-c13 position-relative h-element\">\n                  <!---->\n                  <div class=\"h-heading__outer style-1722 style-local-294-c13\">\n                    <!---->\n                    <!---->\n                    <h3 class=\"\">Practica&nbsp;<em style=\"font-family: &quot;Playfair Display&quot;; color: rgb(53, 159, 198);\">tonificaci\u00f3<\/em>&nbsp;al Casal de l&#8217;Espluga<\/h3>\n                  <\/div>\n                <\/div>\n                <div data-colibri-id=\"294-c14\" class=\"h-text h-text-component style-1724 style-local-294-c14 position-relative h-element\">\n                  <!---->\n                  <!---->\n                  <div class=\"\">\n                    <p>La <strong>tonificaci\u00f3 muscular<\/strong> \u00e9s una activitat clau per mantenir un cos fort, \u00e0gil i saludable. Tot i que est\u00e0 oberta a tothom, \u00e9s especialment beneficiosa per a les <strong>dones<\/strong>, ja que ajuda a:<\/p>\n                    <ul>\n                      <li>Enfortir la musculatura i protegir les articulacions.<\/li>\n                      <li>Millorar la densitat \u00f2ssia i prevenir l\u2019osteoporosi.<\/li>\n                      <li>Afavorir una postura correcta i reduir mol\u00e8sties d\u2019esquena.<\/li>\n                      <li>Augmentar el metabolisme i el benestar general.<\/li>\n                    <\/ul>\n                    <p>Amb exercicis variats i adaptats al nivell de cada persona, les sessions de tonificaci\u00f3 et permetran guanyar for\u00e7a i energia per al teu dia a dia, en un ambient proper i motivador.<\/p>\n                  <\/div>\n                <\/div>\n              <\/div>\n            <\/div>\n          <\/div>\n        <\/div>\n      <\/div>\n    <\/div>\n  <\/div>\n<\/div>","protected":false},"excerpt":{"rendered":"<p>Horaris de&nbsp;tonificaci\u00f3 al Casal de l&#8217;Espluga Dilluns: de 19:00 h a 20.00 h Dimecres:&nbsp;de 19:30 h a 20.30 h Al gimn\u00e0s de l&#8217;antic institut. Instructores: \u00c8rika Soriano i Nat\u00e0lia Mart\u00ednez. TONIFICACI\u00d3 Practica&nbsp;tonificaci\u00f3&nbsp;al Casal de l&#8217;Espluga La tonificaci\u00f3 muscular \u00e9s una activitat clau per mantenir un cos fort, \u00e0gil i saludable. Tot i que est\u00e0 oberta [&hellip;]<\/p>\n","protected":false},"author":1,"featured_media":0,"parent":1138,"menu_order":0,"comment_status":"closed","ping_status":"closed","template":"page-templates\/full-width-page.php","meta":{"_monsterinsights_skip_tracking":false,"_monsterinsights_sitenote_active":false,"_monsterinsights_sitenote_note":"","_monsterinsights_sitenote_category":0,"footnotes":""},"class_list":["post-294","page","type-page","status-publish","hentry"],"yoast_head":"<!-- This site is optimized with the Yoast SEO plugin v27.4 - https:\/\/yoast.com\/product\/yoast-seo-wordpress\/ -->\n<title>Tonificaci\u00f3 - Casal de l\u00b4Espluga de Francol\u00ed<\/title>\n<meta name=\"robots\" content=\"index, follow, max-snippet:-1, max-image-preview:large, max-video-preview:-1\" \/>\n<link rel=\"canonical\" href=\"https:\/\/www.casaldelespluga.cat\/?page_id=294\" \/>\n<meta property=\"og:locale\" content=\"ca_ES\" \/>\n<meta property=\"og:type\" content=\"article\" \/>\n<meta property=\"og:title\" content=\"Tonificaci\u00f3 - Casal de l\u00b4Espluga de Francol\u00ed\" \/>\n<meta property=\"og:description\" content=\"Horaris de&nbsp;tonificaci\u00f3 al Casal de l&#8217;Espluga Dilluns: de 19:00 h a 20.00 h Dimecres:&nbsp;de 19:30 h a 20.30 h Al gimn\u00e0s de l&#8217;antic institut. Instructores: \u00c8rika Soriano i Nat\u00e0lia Mart\u00ednez. TONIFICACI\u00d3 Practica&nbsp;tonificaci\u00f3&nbsp;al Casal de l&#8217;Espluga La tonificaci\u00f3 muscular \u00e9s una activitat clau per mantenir un cos fort, \u00e0gil i saludable. Tot i que est\u00e0 oberta [&hellip;]\" \/>\n<meta property=\"og:url\" content=\"https:\/\/www.casaldelespluga.cat\/?page_id=294\" \/>\n<meta property=\"og:site_name\" content=\"Casal de l\u00b4Espluga de Francol\u00ed\" \/>\n<meta property=\"article:publisher\" content=\"https:\/\/www.facebook.com\/?locale=ca_ES\" \/>\n<meta property=\"article:modified_time\" content=\"2025-09-13T06:20:41+00:00\" \/>\n<meta name=\"twitter:card\" content=\"summary_large_image\" \/>\n<script type=\"application\/ld+json\" class=\"yoast-schema-graph\">{\"@context\":\"https:\\\/\\\/schema.org\",\"@graph\":[{\"@type\":\"WebPage\",\"@id\":\"https:\\\/\\\/www.casaldelespluga.cat\\\/?page_id=294\",\"url\":\"https:\\\/\\\/www.casaldelespluga.cat\\\/?page_id=294\",\"name\":\"Tonificaci\u00f3 - Casal de l\u00b4Espluga de Francol\u00ed\",\"isPartOf\":{\"@id\":\"https:\\\/\\\/www.casaldelespluga.cat\\\/#website\"},\"datePublished\":\"2018-09-26T12:10:08+00:00\",\"dateModified\":\"2025-09-13T06:20:41+00:00\",\"breadcrumb\":{\"@id\":\"https:\\\/\\\/www.casaldelespluga.cat\\\/?page_id=294#breadcrumb\"},\"inLanguage\":\"ca\",\"potentialAction\":[{\"@type\":\"ReadAction\",\"target\":[\"https:\\\/\\\/www.casaldelespluga.cat\\\/?page_id=294\"]}]},{\"@type\":\"BreadcrumbList\",\"@id\":\"https:\\\/\\\/www.casaldelespluga.cat\\\/?page_id=294#breadcrumb\",\"itemListElement\":[{\"@type\":\"ListItem\",\"position\":1,\"name\":\"Portada\",\"item\":\"https:\\\/\\\/www.casaldelespluga.cat\\\/\"},{\"@type\":\"ListItem\",\"position\":2,\"name\":\"Inici\",\"item\":\"https:\\\/\\\/www.casaldelespluga.cat\\\/?page_id=1138\"},{\"@type\":\"ListItem\",\"position\":3,\"name\":\"Tonificaci\u00f3\"}]},{\"@type\":\"WebSite\",\"@id\":\"https:\\\/\\\/www.casaldelespluga.cat\\\/#website\",\"url\":\"https:\\\/\\\/www.casaldelespluga.cat\\\/\",\"name\":\"Casal de l\u00b4Espluga de Francol\u00ed\",\"description\":\"Associaci\u00f3 sociocultural i esportiva\",\"publisher\":{\"@id\":\"https:\\\/\\\/www.casaldelespluga.cat\\\/#organization\"},\"potentialAction\":[{\"@type\":\"SearchAction\",\"target\":{\"@type\":\"EntryPoint\",\"urlTemplate\":\"https:\\\/\\\/www.casaldelespluga.cat\\\/?s={search_term_string}\"},\"query-input\":{\"@type\":\"PropertyValueSpecification\",\"valueRequired\":true,\"valueName\":\"search_term_string\"}}],\"inLanguage\":\"ca\"},{\"@type\":\"Organization\",\"@id\":\"https:\\\/\\\/www.casaldelespluga.cat\\\/#organization\",\"name\":\"Casal de l\u00b4Espluga de Francol\u00ed\",\"url\":\"https:\\\/\\\/www.casaldelespluga.cat\\\/\",\"logo\":{\"@type\":\"ImageObject\",\"inLanguage\":\"ca\",\"@id\":\"https:\\\/\\\/www.casaldelespluga.cat\\\/#\\\/schema\\\/logo\\\/image\\\/\",\"url\":\"https:\\\/\\\/www.casaldelespluga.cat\\\/wp-content\\\/uploads\\\/2018\\\/08\\\/cropped-cropped-logo-casal.jpg\",\"contentUrl\":\"https:\\\/\\\/www.casaldelespluga.cat\\\/wp-content\\\/uploads\\\/2018\\\/08\\\/cropped-cropped-logo-casal.jpg\",\"width\":2283,\"height\":2283,\"caption\":\"Casal de l\u00b4Espluga de Francol\u00ed\"},\"image\":{\"@id\":\"https:\\\/\\\/www.casaldelespluga.cat\\\/#\\\/schema\\\/logo\\\/image\\\/\"},\"sameAs\":[\"https:\\\/\\\/www.facebook.com\\\/?locale=ca_ES\",\"https:\\\/\\\/www.instagram.com\\\/casalespluga\\\/\"]}]}<\/script>\n<!-- \/ Yoast SEO plugin. -->","yoast_head_json":{"title":"Tonificaci\u00f3 - Casal de l\u00b4Espluga de Francol\u00ed","robots":{"index":"index","follow":"follow","max-snippet":"max-snippet:-1","max-image-preview":"max-image-preview:large","max-video-preview":"max-video-preview:-1"},"canonical":"https:\/\/www.casaldelespluga.cat\/?page_id=294","og_locale":"ca_ES","og_type":"article","og_title":"Tonificaci\u00f3 - Casal de l\u00b4Espluga de Francol\u00ed","og_description":"Horaris de&nbsp;tonificaci\u00f3 al Casal de l&#8217;Espluga Dilluns: de 19:00 h a 20.00 h Dimecres:&nbsp;de 19:30 h a 20.30 h Al gimn\u00e0s de l&#8217;antic institut. Instructores: \u00c8rika Soriano i Nat\u00e0lia Mart\u00ednez. TONIFICACI\u00d3 Practica&nbsp;tonificaci\u00f3&nbsp;al Casal de l&#8217;Espluga La tonificaci\u00f3 muscular \u00e9s una activitat clau per mantenir un cos fort, \u00e0gil i saludable. Tot i que est\u00e0 oberta [&hellip;]","og_url":"https:\/\/www.casaldelespluga.cat\/?page_id=294","og_site_name":"Casal de l\u00b4Espluga de Francol\u00ed","article_publisher":"https:\/\/www.facebook.com\/?locale=ca_ES","article_modified_time":"2025-09-13T06:20:41+00:00","twitter_card":"summary_large_image","schema":{"@context":"https:\/\/schema.org","@graph":[{"@type":"WebPage","@id":"https:\/\/www.casaldelespluga.cat\/?page_id=294","url":"https:\/\/www.casaldelespluga.cat\/?page_id=294","name":"Tonificaci\u00f3 - Casal de l\u00b4Espluga de Francol\u00ed","isPartOf":{"@id":"https:\/\/www.casaldelespluga.cat\/#website"},"datePublished":"2018-09-26T12:10:08+00:00","dateModified":"2025-09-13T06:20:41+00:00","breadcrumb":{"@id":"https:\/\/www.casaldelespluga.cat\/?page_id=294#breadcrumb"},"inLanguage":"ca","potentialAction":[{"@type":"ReadAction","target":["https:\/\/www.casaldelespluga.cat\/?page_id=294"]}]},{"@type":"BreadcrumbList","@id":"https:\/\/www.casaldelespluga.cat\/?page_id=294#breadcrumb","itemListElement":[{"@type":"ListItem","position":1,"name":"Portada","item":"https:\/\/www.casaldelespluga.cat\/"},{"@type":"ListItem","position":2,"name":"Inici","item":"https:\/\/www.casaldelespluga.cat\/?page_id=1138"},{"@type":"ListItem","position":3,"name":"Tonificaci\u00f3"}]},{"@type":"WebSite","@id":"https:\/\/www.casaldelespluga.cat\/#website","url":"https:\/\/www.casaldelespluga.cat\/","name":"Casal de l\u00b4Espluga de Francol\u00ed","description":"Associaci\u00f3 sociocultural i esportiva","publisher":{"@id":"https:\/\/www.casaldelespluga.cat\/#organization"},"potentialAction":[{"@type":"SearchAction","target":{"@type":"EntryPoint","urlTemplate":"https:\/\/www.casaldelespluga.cat\/?s={search_term_string}"},"query-input":{"@type":"PropertyValueSpecification","valueRequired":true,"valueName":"search_term_string"}}],"inLanguage":"ca"},{"@type":"Organization","@id":"https:\/\/www.casaldelespluga.cat\/#organization","name":"Casal de l\u00b4Espluga de Francol\u00ed","url":"https:\/\/www.casaldelespluga.cat\/","logo":{"@type":"ImageObject","inLanguage":"ca","@id":"https:\/\/www.casaldelespluga.cat\/#\/schema\/logo\/image\/","url":"https:\/\/www.casaldelespluga.cat\/wp-content\/uploads\/2018\/08\/cropped-cropped-logo-casal.jpg","contentUrl":"https:\/\/www.casaldelespluga.cat\/wp-content\/uploads\/2018\/08\/cropped-cropped-logo-casal.jpg","width":2283,"height":2283,"caption":"Casal de l\u00b4Espluga de Francol\u00ed"},"image":{"@id":"https:\/\/www.casaldelespluga.cat\/#\/schema\/logo\/image\/"},"sameAs":["https:\/\/www.facebook.com\/?locale=ca_ES","https:\/\/www.instagram.com\/casalespluga\/"]}]}},"_links":{"self":[{"href":"https:\/\/www.casaldelespluga.cat\/index.php?rest_route=\/wp\/v2\/pages\/294","targetHints":{"allow":["GET"]}}],"collection":[{"href":"https:\/\/www.casaldelespluga.cat\/index.php?rest_route=\/wp\/v2\/pages"}],"about":[{"href":"https:\/\/www.casaldelespluga.cat\/index.php?rest_route=\/wp\/v2\/types\/page"}],"author":[{"embeddable":true,"href":"https:\/\/www.casaldelespluga.cat\/index.php?rest_route=\/wp\/v2\/users\/1"}],"replies":[{"embeddable":true,"href":"https:\/\/www.casaldelespluga.cat\/index.php?rest_route=%2Fwp%2Fv2%2Fcomments&post=294"}],"version-history":[{"count":15,"href":"https:\/\/www.casaldelespluga.cat\/index.php?rest_route=\/wp\/v2\/pages\/294\/revisions"}],"predecessor-version":[{"id":5022,"href":"https:\/\/www.casaldelespluga.cat\/index.php?rest_route=\/wp\/v2\/pages\/294\/revisions\/5022"}],"up":[{"embeddable":true,"href":"https:\/\/www.casaldelespluga.cat\/index.php?rest_route=\/wp\/v2\/pages\/1138"}],"wp:attachment":[{"href":"https:\/\/www.casaldelespluga.cat\/index.php?rest_route=%2Fwp%2Fv2%2Fmedia&parent=294"}],"curies":[{"name":"wp","href":"https:\/\/api.w.org\/{rel}","templated":true}]}}