{"id":281,"date":"2018-09-26T11:56:31","date_gmt":"2018-09-26T11:56:31","guid":{"rendered":"http:\/\/www.casaldelespluga.cat\/?page_id=281"},"modified":"2025-09-12T16:27:07","modified_gmt":"2025-09-12T16:27:07","slug":"club-pati-casal-de-lespluga","status":"publish","type":"page","link":"https:\/\/www.casaldelespluga.cat\/?page_id=281","title":{"rendered":"Club Pat\u00ed Casal de l&#8217;Espluga"},"content":{"rendered":"<div data-colibri-id=\"281-c1\" class=\"style-1752 style-local-281-c1 position-relative\">\n  <!---->\n  <div data-colibri-component=\"section\" data-colibri-id=\"281-c2\" id=\"about\" class=\"h-section h-section-global-spacing d-flex align-items-lg-center align-items-md-center align-items-center style-1761 style-local-281-c2 position-relative\">\n    <div class=\"background-wrapper\">\n      <div class=\"background-layer background-layer-media-container-lg\">\n        <!---->\n        <div class=\"overlay-layer\">\n          <div class=\"overlay-image-layer\" style=\"background-color: rgb(255, 255, 255); opacity: 0.9;\"><\/div>\n        <\/div>\n      <\/div>\n      <div class=\"background-layer background-layer-media-container-md\">\n        <!---->\n        <div class=\"overlay-layer\">\n          <div class=\"overlay-image-layer\" style=\"background-color: rgb(255, 255, 255); opacity: 0.9;\"><\/div>\n        <\/div>\n      <\/div>\n      <div class=\"background-layer background-layer-media-container\">\n        <!---->\n        <div class=\"overlay-layer\">\n          <div class=\"overlay-image-layer\" style=\"background-color: rgb(255, 255, 255); opacity: 0.9;\"><\/div>\n        <\/div>\n      <\/div>\n    <\/div>\n    <!---->\n    <div class=\"h-section-grid-container h-section-boxed-container\">\n      <!---->\n      <div data-colibri-id=\"281-c3\" class=\"h-row-container gutters-row-lg-0 gutters-row-md-0 gutters-row-0 gutters-row-v-lg-0 gutters-row-v-md-0 gutters-row-v-0 style-1762 style-local-281-c3 position-relative\">\n        <!---->\n        <div class=\"h-row justify-content-lg-end justify-content-md-end justify-content-end align-items-lg-stretch align-items-md-stretch align-items-stretch gutters-col-lg-0 gutters-col-md-0 gutters-col-0 gutters-col-v-lg-0 gutters-col-v-md-0 gutters-col-v-0\">\n          <!---->\n          <div class=\"h-column h-column-container d-flex h-col-lg-auto h-col-md-auto h-col-auto style-1763-outer style-local-281-c4-outer\">\n            <div data-colibri-id=\"281-c4\" class=\"d-flex h-flex-basis h-column__inner h-px-lg-3 h-px-md-3 h-px-3 v-inner-lg-3 v-inner-md-3 v-inner-3 style-1763 style-local-281-c4 position-relative\">\n              <!---->\n              <!---->\n              <div class=\"w-100 h-y-container h-column__content h-column__v-align flex-basis-100 align-self-lg-center align-self-md-center align-self-center\">\n                <!---->\n                <div data-colibri-id=\"281-c5\" class=\"h-global-transition-all h-heading style-1764 style-local-281-c5 position-relative h-element\">\n                  <!---->\n                  <div class=\"h-heading__outer style-1764 style-local-281-c5\">\n                    <!---->\n                    <!---->\n                    <h3 class=\"\">Horaris de&nbsp;<em style=\"font-family: &quot;Playfair Display&quot;; color: rgb(102, 202, 61);\">patinatge<\/em><\/h3>\n                  <\/div>\n                <\/div>\n                <div data-colibri-id=\"281-c6\" class=\"h-text h-text-component style-1765 style-local-281-c6 position-relative h-element\">\n                  <!---->\n                  <!---->\n                  <div class=\"\">\n                    <p>Dilluns: <span style=\"color: rgb(15, 242, 42);\">grup rosa<\/span>: de 17:30 h a 19:00 h<\/p>\n                    <p><span style=\"color: rgb(24, 224, 56);\">grup vermell<\/span>: de 17:45 h a 19:45 h<\/p>\n                    <p><span style=\"color: rgb(18, 231, 25);\">grup blau<\/span>: de 19:15 h a 21:00 h<\/p>\n                    <p>Dimecres: <span style=\"color: rgb(21, 226, 52);\">grup vermell<\/span>: de 18:30 h a 19:45 h<\/p>\n                    <p><span style=\"color: rgb(32, 216, 61);\">grup blau<\/span>: de 19:15 h a 21:00 h<\/p>\n                    <p>Dijous: <span style=\"color: rgb(33, 226, 40);\">grup rosa<\/span>: de 17:30 a 18:30 h&nbsp;<\/p>\n                    <p><span style=\"color: rgb(23, 224, 37);\">grup vermell<\/span>: de 17:15 h a 18:45 h<\/p>\n                    <p><span style=\"color: rgb(19, 236, 38);\">grup blau<\/span>: de 18:00 h a 19:45 h<\/p>\n                    <p><span style=\"color: rgb(18, 238, 35);\">Solo dance<\/span>: de 19:45 h a 21:00 h<\/p>\n                    <p>\n                      <br>\n                    <\/p>\n                  <\/div>\n                <\/div>\n              <\/div>\n            <\/div>\n          <\/div>\n        <\/div>\n      <\/div>\n    <\/div>\n  <\/div>\n  <div data-colibri-component=\"section\" data-colibri-id=\"281-c7\" id=\"about-2\" class=\"h-section h-section-global-spacing d-flex align-items-lg-center align-items-md-center align-items-center style-1779 style-local-281-c7 position-relative\">\n    <!---->\n    <!---->\n    <div class=\"h-section-grid-container h-section-boxed-container\">\n      <!---->\n      <div data-colibri-id=\"281-c8\" data-aos=\"fadeInUp\" class=\"h-row-container gutters-row-lg-2 gutters-row-md-2 gutters-row-2 gutters-row-v-lg-2 gutters-row-v-md-2 gutters-row-v-2 style-1780 style-local-281-c8 position-relative\">\n        <!---->\n        <div class=\"h-row justify-content-lg-center justify-content-md-center justify-content-center align-items-lg-center align-items-md-center align-items-center gutters-col-lg-2 gutters-col-md-2 gutters-col-2 gutters-col-v-lg-2 gutters-col-v-md-2 gutters-col-v-2\">\n          <!---->\n          <div class=\"h-column h-column-container d-flex h-col-lg-auto h-col-md-auto h-col-auto align-self-lg-center align-self-md-center align-self-center style-1781-outer style-local-281-c9-outer\">\n            <div data-colibri-id=\"281-c9\" class=\"d-flex h-flex-basis h-column__inner h-px-lg-0 h-px-md-0 h-px-0 v-inner-lg-0 v-inner-md-0 v-inner-0 style-1781 style-local-281-c9 position-relative\">\n              <!---->\n              <!---->\n              <div class=\"w-100 h-y-container h-column__content h-column__v-align flex-basis-100 align-self-lg-center align-self-md-center align-self-center\">\n                <!---->\n                <div data-colibri-id=\"281-c10\" class=\"h-row-container gutters-row-lg-0 gutters-row-md-0 gutters-row-0 gutters-row-v-lg-0 gutters-row-v-md-0 gutters-row-v-0 style-1782 style-local-281-c10 position-relative\">\n                  <!---->\n                  <div class=\"h-row justify-content-lg-start justify-content-md-start justify-content-center align-items-lg-stretch align-items-md-stretch align-items-stretch gutters-col-lg-0 gutters-col-md-0 gutters-col-0 gutters-col-v-lg-0 gutters-col-v-md-0 gutters-col-v-0\">\n                    <!---->\n                    <div class=\"h-column h-column-container d-flex h-col-lg-auto h-col-md-auto h-col-auto style-1783-outer style-local-281-c11-outer\">\n                      <div data-colibri-id=\"281-c11\" class=\"d-flex h-flex-basis h-column__inner h-px-lg-0 h-px-md-0 h-px-0 v-inner-lg-0 v-inner-md-0 v-inner-0 style-1783 style-local-281-c11 position-relative\">\n                        <!---->\n                        <!---->\n                        <div class=\"w-100 h-y-container h-column__content h-column__v-align flex-basis-auto align-self-lg-start align-self-md-start align-self-center\">\n                          <!---->\n                          <div data-colibri-id=\"281-c12\" class=\"h-global-transition-all h-heading style-1784 style-local-281-c12 position-relative h-element\">\n                            <!---->\n                            <div class=\"h-heading__outer style-1784 style-local-281-c12\">\n                              <!---->\n                              <!---->\n                              <h4 class=\"\">club pat\u00ed casal de l&#8217;espluga<\/h4>\n                            <\/div>\n                          <\/div>\n                        <\/div>\n                      <\/div>\n                    <\/div>\n                  <\/div>\n                <\/div>\n                <div data-colibri-id=\"281-c13\" class=\"h-global-transition-all h-heading style-1785 style-local-281-c13 position-relative h-element\">\n                  <!---->\n                  <div class=\"h-heading__outer style-1785 style-local-281-c13\">\n                    <!---->\n                    <!---->\n                    <h3 class=\"\">Practica&nbsp;<em style=\"font-family: &quot;Playfair Display&quot;; color: rgb(20, 233, 54);\">patinatge<\/em><span style=\"color: rgb(20, 233, 54);\"> <\/span>al Casal de l&#8217;Espluga<\/h3>\n                  <\/div>\n                <\/div>\n                <div data-colibri-id=\"281-c14\" class=\"h-text h-text-component style-1787 style-local-281-c14 position-relative h-element\">\n                  <!---->\n                  <!---->\n                  <div class=\"\">\n                    <p>El <strong>Club Pat\u00ed Casal de l\u2019Espluga<\/strong> va n\u00e9ixer l\u2019any <strong>1965<\/strong>, el mateix any en qu\u00e8 es va inaugurar el Casal de l\u2019Espluga, compartint origen amb l\u2019<strong>Hoquei Casal Espluga<\/strong>. Des d\u2019aleshores, el\n                      club ha mantingut una <strong>llarga traject\u00f2ria<\/strong> vinculada a l\u2019esport a la vida social del municipi.<\/p>\n                    <p>Actualment, el club compta amb l&#8217;experi\u00e8ncia de les professores <strong>Laia Figueroa<\/strong> i <strong>Ariadna Lima<\/strong>, que transmeten als patinadors i patinadores la passi\u00f3 per aquest esport, fomentant valors com l\u2019esfor\u00e7,\n                      la const\u00e0ncia i el treball en equip.<\/p>\n                    <p>M\u00e9s de cinquanta anys despr\u00e9s del seu naixement, el Club Pat\u00ed Casal de l\u2019Espluga continua sent un referent esportiu i social, mantenint viva la il\u00b7lusi\u00f3 i l\u2019esperit amb qu\u00e8 va comen\u00e7ar.<\/p>\n                  <\/div>\n                <\/div>\n              <\/div>\n            <\/div>\n          <\/div>\n        <\/div>\n      <\/div>\n    <\/div>\n  <\/div>\n<\/div>","protected":false},"excerpt":{"rendered":"<p>Horaris de&nbsp;patinatge Dilluns: grup rosa: de 17:30 h a 19:00 h grup vermell: de 17:45 h a 19:45 h grup blau: de 19:15 h a 21:00 h Dimecres: grup vermell: de 18:30 h a 19:45 h grup blau: de 19:15 h a 21:00 h Dijous: grup rosa: de 17:30 a 18:30 h&nbsp; grup vermell: de [&hellip;]<\/p>\n","protected":false},"author":1,"featured_media":0,"parent":1138,"menu_order":0,"comment_status":"closed","ping_status":"closed","template":"page-templates\/full-width-page.php","meta":{"_monsterinsights_skip_tracking":false,"_monsterinsights_sitenote_active":false,"_monsterinsights_sitenote_note":"","_monsterinsights_sitenote_category":0,"footnotes":""},"class_list":["post-281","page","type-page","status-publish","hentry"],"yoast_head":"<!-- This site is optimized with the Yoast SEO plugin v27.4 - https:\/\/yoast.com\/product\/yoast-seo-wordpress\/ -->\n<title>Club Pat\u00ed Casal de l&#039;Espluga - Casal de l\u00b4Espluga de Francol\u00ed<\/title>\n<meta name=\"robots\" content=\"index, follow, max-snippet:-1, max-image-preview:large, max-video-preview:-1\" \/>\n<link rel=\"canonical\" href=\"https:\/\/www.casaldelespluga.cat\/?page_id=281\" \/>\n<meta property=\"og:locale\" content=\"ca_ES\" \/>\n<meta property=\"og:type\" content=\"article\" \/>\n<meta property=\"og:title\" content=\"Club Pat\u00ed Casal de l&#039;Espluga - Casal de l\u00b4Espluga de Francol\u00ed\" \/>\n<meta property=\"og:description\" content=\"Horaris de&nbsp;patinatge Dilluns: grup rosa: de 17:30 h a 19:00 h grup vermell: de 17:45 h a 19:45 h grup blau: de 19:15 h a 21:00 h Dimecres: grup vermell: de 18:30 h a 19:45 h grup blau: de 19:15 h a 21:00 h Dijous: grup rosa: de 17:30 a 18:30 h&nbsp; grup vermell: de [&hellip;]\" \/>\n<meta property=\"og:url\" content=\"https:\/\/www.casaldelespluga.cat\/?page_id=281\" \/>\n<meta property=\"og:site_name\" content=\"Casal de l\u00b4Espluga de Francol\u00ed\" \/>\n<meta property=\"article:publisher\" content=\"https:\/\/www.facebook.com\/?locale=ca_ES\" \/>\n<meta property=\"article:modified_time\" content=\"2025-09-12T16:27:07+00:00\" \/>\n<meta name=\"twitter:card\" content=\"summary_large_image\" \/>\n<meta name=\"twitter:label1\" content=\"Temps estimat de lectura\" \/>\n\t<meta name=\"twitter:data1\" content=\"1 minut\" \/>\n<script type=\"application\/ld+json\" class=\"yoast-schema-graph\">{\"@context\":\"https:\\\/\\\/schema.org\",\"@graph\":[{\"@type\":\"WebPage\",\"@id\":\"https:\\\/\\\/www.casaldelespluga.cat\\\/?page_id=281\",\"url\":\"https:\\\/\\\/www.casaldelespluga.cat\\\/?page_id=281\",\"name\":\"Club Pat\u00ed Casal de l'Espluga - Casal de l\u00b4Espluga de Francol\u00ed\",\"isPartOf\":{\"@id\":\"https:\\\/\\\/www.casaldelespluga.cat\\\/#website\"},\"datePublished\":\"2018-09-26T11:56:31+00:00\",\"dateModified\":\"2025-09-12T16:27:07+00:00\",\"breadcrumb\":{\"@id\":\"https:\\\/\\\/www.casaldelespluga.cat\\\/?page_id=281#breadcrumb\"},\"inLanguage\":\"ca\",\"potentialAction\":[{\"@type\":\"ReadAction\",\"target\":[\"https:\\\/\\\/www.casaldelespluga.cat\\\/?page_id=281\"]}]},{\"@type\":\"BreadcrumbList\",\"@id\":\"https:\\\/\\\/www.casaldelespluga.cat\\\/?page_id=281#breadcrumb\",\"itemListElement\":[{\"@type\":\"ListItem\",\"position\":1,\"name\":\"Portada\",\"item\":\"https:\\\/\\\/www.casaldelespluga.cat\\\/\"},{\"@type\":\"ListItem\",\"position\":2,\"name\":\"Inici\",\"item\":\"https:\\\/\\\/www.casaldelespluga.cat\\\/?page_id=1138\"},{\"@type\":\"ListItem\",\"position\":3,\"name\":\"Club Pat\u00ed Casal de l&#8217;Espluga\"}]},{\"@type\":\"WebSite\",\"@id\":\"https:\\\/\\\/www.casaldelespluga.cat\\\/#website\",\"url\":\"https:\\\/\\\/www.casaldelespluga.cat\\\/\",\"name\":\"Casal de l\u00b4Espluga de Francol\u00ed\",\"description\":\"Associaci\u00f3 sociocultural i esportiva\",\"publisher\":{\"@id\":\"https:\\\/\\\/www.casaldelespluga.cat\\\/#organization\"},\"potentialAction\":[{\"@type\":\"SearchAction\",\"target\":{\"@type\":\"EntryPoint\",\"urlTemplate\":\"https:\\\/\\\/www.casaldelespluga.cat\\\/?s={search_term_string}\"},\"query-input\":{\"@type\":\"PropertyValueSpecification\",\"valueRequired\":true,\"valueName\":\"search_term_string\"}}],\"inLanguage\":\"ca\"},{\"@type\":\"Organization\",\"@id\":\"https:\\\/\\\/www.casaldelespluga.cat\\\/#organization\",\"name\":\"Casal de l\u00b4Espluga de Francol\u00ed\",\"url\":\"https:\\\/\\\/www.casaldelespluga.cat\\\/\",\"logo\":{\"@type\":\"ImageObject\",\"inLanguage\":\"ca\",\"@id\":\"https:\\\/\\\/www.casaldelespluga.cat\\\/#\\\/schema\\\/logo\\\/image\\\/\",\"url\":\"https:\\\/\\\/www.casaldelespluga.cat\\\/wp-content\\\/uploads\\\/2018\\\/08\\\/cropped-cropped-logo-casal.jpg\",\"contentUrl\":\"https:\\\/\\\/www.casaldelespluga.cat\\\/wp-content\\\/uploads\\\/2018\\\/08\\\/cropped-cropped-logo-casal.jpg\",\"width\":2283,\"height\":2283,\"caption\":\"Casal de l\u00b4Espluga de Francol\u00ed\"},\"image\":{\"@id\":\"https:\\\/\\\/www.casaldelespluga.cat\\\/#\\\/schema\\\/logo\\\/image\\\/\"},\"sameAs\":[\"https:\\\/\\\/www.facebook.com\\\/?locale=ca_ES\",\"https:\\\/\\\/www.instagram.com\\\/casalespluga\\\/\"]}]}<\/script>\n<!-- \/ Yoast SEO plugin. -->","yoast_head_json":{"title":"Club Pat\u00ed Casal de l'Espluga - Casal de l\u00b4Espluga de Francol\u00ed","robots":{"index":"index","follow":"follow","max-snippet":"max-snippet:-1","max-image-preview":"max-image-preview:large","max-video-preview":"max-video-preview:-1"},"canonical":"https:\/\/www.casaldelespluga.cat\/?page_id=281","og_locale":"ca_ES","og_type":"article","og_title":"Club Pat\u00ed Casal de l'Espluga - Casal de l\u00b4Espluga de Francol\u00ed","og_description":"Horaris de&nbsp;patinatge Dilluns: grup rosa: de 17:30 h a 19:00 h grup vermell: de 17:45 h a 19:45 h grup blau: de 19:15 h a 21:00 h Dimecres: grup vermell: de 18:30 h a 19:45 h grup blau: de 19:15 h a 21:00 h Dijous: grup rosa: de 17:30 a 18:30 h&nbsp; grup vermell: de [&hellip;]","og_url":"https:\/\/www.casaldelespluga.cat\/?page_id=281","og_site_name":"Casal de l\u00b4Espluga de Francol\u00ed","article_publisher":"https:\/\/www.facebook.com\/?locale=ca_ES","article_modified_time":"2025-09-12T16:27:07+00:00","twitter_card":"summary_large_image","twitter_misc":{"Temps estimat de lectura":"1 minut"},"schema":{"@context":"https:\/\/schema.org","@graph":[{"@type":"WebPage","@id":"https:\/\/www.casaldelespluga.cat\/?page_id=281","url":"https:\/\/www.casaldelespluga.cat\/?page_id=281","name":"Club Pat\u00ed Casal de l'Espluga - Casal de l\u00b4Espluga de Francol\u00ed","isPartOf":{"@id":"https:\/\/www.casaldelespluga.cat\/#website"},"datePublished":"2018-09-26T11:56:31+00:00","dateModified":"2025-09-12T16:27:07+00:00","breadcrumb":{"@id":"https:\/\/www.casaldelespluga.cat\/?page_id=281#breadcrumb"},"inLanguage":"ca","potentialAction":[{"@type":"ReadAction","target":["https:\/\/www.casaldelespluga.cat\/?page_id=281"]}]},{"@type":"BreadcrumbList","@id":"https:\/\/www.casaldelespluga.cat\/?page_id=281#breadcrumb","itemListElement":[{"@type":"ListItem","position":1,"name":"Portada","item":"https:\/\/www.casaldelespluga.cat\/"},{"@type":"ListItem","position":2,"name":"Inici","item":"https:\/\/www.casaldelespluga.cat\/?page_id=1138"},{"@type":"ListItem","position":3,"name":"Club Pat\u00ed Casal de l&#8217;Espluga"}]},{"@type":"WebSite","@id":"https:\/\/www.casaldelespluga.cat\/#website","url":"https:\/\/www.casaldelespluga.cat\/","name":"Casal de l\u00b4Espluga de Francol\u00ed","description":"Associaci\u00f3 sociocultural i esportiva","publisher":{"@id":"https:\/\/www.casaldelespluga.cat\/#organization"},"potentialAction":[{"@type":"SearchAction","target":{"@type":"EntryPoint","urlTemplate":"https:\/\/www.casaldelespluga.cat\/?s={search_term_string}"},"query-input":{"@type":"PropertyValueSpecification","valueRequired":true,"valueName":"search_term_string"}}],"inLanguage":"ca"},{"@type":"Organization","@id":"https:\/\/www.casaldelespluga.cat\/#organization","name":"Casal de l\u00b4Espluga de Francol\u00ed","url":"https:\/\/www.casaldelespluga.cat\/","logo":{"@type":"ImageObject","inLanguage":"ca","@id":"https:\/\/www.casaldelespluga.cat\/#\/schema\/logo\/image\/","url":"https:\/\/www.casaldelespluga.cat\/wp-content\/uploads\/2018\/08\/cropped-cropped-logo-casal.jpg","contentUrl":"https:\/\/www.casaldelespluga.cat\/wp-content\/uploads\/2018\/08\/cropped-cropped-logo-casal.jpg","width":2283,"height":2283,"caption":"Casal de l\u00b4Espluga de Francol\u00ed"},"image":{"@id":"https:\/\/www.casaldelespluga.cat\/#\/schema\/logo\/image\/"},"sameAs":["https:\/\/www.facebook.com\/?locale=ca_ES","https:\/\/www.instagram.com\/casalespluga\/"]}]}},"_links":{"self":[{"href":"https:\/\/www.casaldelespluga.cat\/index.php?rest_route=\/wp\/v2\/pages\/281","targetHints":{"allow":["GET"]}}],"collection":[{"href":"https:\/\/www.casaldelespluga.cat\/index.php?rest_route=\/wp\/v2\/pages"}],"about":[{"href":"https:\/\/www.casaldelespluga.cat\/index.php?rest_route=\/wp\/v2\/types\/page"}],"author":[{"embeddable":true,"href":"https:\/\/www.casaldelespluga.cat\/index.php?rest_route=\/wp\/v2\/users\/1"}],"replies":[{"embeddable":true,"href":"https:\/\/www.casaldelespluga.cat\/index.php?rest_route=%2Fwp%2Fv2%2Fcomments&post=281"}],"version-history":[{"count":18,"href":"https:\/\/www.casaldelespluga.cat\/index.php?rest_route=\/wp\/v2\/pages\/281\/revisions"}],"predecessor-version":[{"id":5008,"href":"https:\/\/www.casaldelespluga.cat\/index.php?rest_route=\/wp\/v2\/pages\/281\/revisions\/5008"}],"up":[{"embeddable":true,"href":"https:\/\/www.casaldelespluga.cat\/index.php?rest_route=\/wp\/v2\/pages\/1138"}],"wp:attachment":[{"href":"https:\/\/www.casaldelespluga.cat\/index.php?rest_route=%2Fwp%2Fv2%2Fmedia&parent=281"}],"curies":[{"name":"wp","href":"https:\/\/api.w.org\/{rel}","templated":true}]}}